{"id":220,"date":"2021-10-06T09:15:39","date_gmt":"2021-10-06T07:15:39","guid":{"rendered":"https:\/\/terreatribord.bzh\/blog\/?page_id=220"},"modified":"2026-04-07T11:02:29","modified_gmt":"2026-04-07T09:02:29","slug":"calendrier","status":"publish","type":"page","link":"https:\/\/terreatribord.bzh\/blog\/calendrier\/","title":{"rendered":"Calendrier"},"content":{"rendered":"\n<figure class=\"wp-block-image size-large\"><img loading=\"lazy\" decoding=\"async\" width=\"1024\" height=\"758\" src=\"https:\/\/terreatribord.bzh\/blog\/wp-content\/uploads\/2021\/12\/vieux-greements-paimpol-1024x758.jpg\" alt=\"f\u00eate des vieux gr\u00e9ements Paimpol Terre \u00e0 tribord\" class=\"wp-image-276\" srcset=\"https:\/\/terreatribord.bzh\/blog\/wp-content\/uploads\/2021\/12\/vieux-greements-paimpol-1024x758.jpg 1024w, https:\/\/terreatribord.bzh\/blog\/wp-content\/uploads\/2021\/12\/vieux-greements-paimpol-300x222.jpg 300w, https:\/\/terreatribord.bzh\/blog\/wp-content\/uploads\/2021\/12\/vieux-greements-paimpol-768x568.jpg 768w, https:\/\/terreatribord.bzh\/blog\/wp-content\/uploads\/2021\/12\/vieux-greements-paimpol-676x500.jpg 676w, https:\/\/terreatribord.bzh\/blog\/wp-content\/uploads\/2021\/12\/vieux-greements-paimpol.jpg 1124w\" sizes=\"auto, (max-width: 1024px) 100vw, 1024px\" \/><figcaption class=\"wp-element-caption\">f\u00eate des vieux gr\u00e9ements Paimpol Bretagne<\/figcaption><\/figure>\n\n\n\n<p> Retrouvez ici le calendrier des principales animations du Tr\u00e9gor et du Go\u00eblo (<a href=\"https:\/\/terreatribord.bzh\/blog\/2021\/09\/12\/la-bretagne\/\">Bretagne<\/a>) de l&rsquo;ann\u00e9e. <\/p>\n\n\n\n<h2 class=\"wp-block-heading has-text-align-center\">Les prochaines grandes mar\u00e9es (Perros-Guirec)<\/h2>\n\n\n\n<figure class=\"wp-block-image size-full\"><img loading=\"lazy\" decoding=\"async\" width=\"1024\" height=\"768\" src=\"https:\/\/terreatribord.bzh\/blog\/wp-content\/uploads\/2021\/12\/les-marees.jpg\" alt=\"grande mar\u00e9e Tr\u00e9l\u00e9vern Terre \u00e0 Tribord\" class=\"wp-image-277\" srcset=\"https:\/\/terreatribord.bzh\/blog\/wp-content\/uploads\/2021\/12\/les-marees.jpg 1024w, https:\/\/terreatribord.bzh\/blog\/wp-content\/uploads\/2021\/12\/les-marees-300x225.jpg 300w, https:\/\/terreatribord.bzh\/blog\/wp-content\/uploads\/2021\/12\/les-marees-768x576.jpg 768w, https:\/\/terreatribord.bzh\/blog\/wp-content\/uploads\/2021\/12\/les-marees-676x507.jpg 676w\" sizes=\"auto, (max-width: 1024px) 100vw, 1024px\" \/><figcaption class=\"wp-element-caption\">Les grandes mar\u00e9es &#8211; Perros-Guirec<\/figcaption><\/figure>\n\n\n\n<ul class=\"wp-block-list\">\n<li>Du 16 au 21 avril 2026 (coeff 105)<\/li>\n\n\n\n<li>Du 15 au 20 mai 2026 (coeff 99)<\/li>\n<\/ul>\n\n\n\n<h2 class=\"wp-block-heading has-text-align-center\">Le calendrier des principales animations 2025 &#8211; 2026<\/h2>\n\n\n\n<ul class=\"wp-block-list\">\n<li><strong>F\u00e9vrier :<\/strong>\n<ul class=\"wp-block-list\">\n<li>Festival international de magie (Tr\u00e9beurden) : du 13 au 15 f\u00e9vrier 2026 <\/li>\n<\/ul>\n<\/li>\n\n\n\n<li><strong>Avril <\/strong>:\n<ul class=\"wp-block-list\">\n<li>Festival de la Bande Dessin\u00e9e (Perros-Guirec) : 25 et 26 avril 2026<\/li>\n\n\n\n<li>F\u00eate des jardins au Ch\u00e2teau de La Roche Jagu (Plo\u00ebzal) : 25 et 26 avril 2026<\/li>\n<\/ul>\n<\/li>\n\n\n\n<li><strong>Mai<\/strong> :\n<ul class=\"wp-block-list\">\n<li>Course hippique sur la plage de Trestraou (Perros-Guirec) : 3 mai 2026<\/li>\n\n\n\n<li>Pardon de Saint Guirec (Ploumanac&rsquo;h) : 13 mai 2026<\/li>\n\n\n\n<li>D\u00e9part de la course de la Solitaire du Figaro (Perros-Guirec) : du 13 au 17 mai 2026<\/li>\n\n\n\n<li>Pardon de la Saint Yves (Tr\u00e9guier) : 17 mai 2026<\/li>\n\n\n\n<li>Printemps des sonneurs (Lannion) : 23 et 24 mai 2026<\/li>\n\n\n\n<li>Trail en Guirec (Perros-Guirec) : 31 mai 2026<\/li>\n\n\n\n<li>Pardon aux chevaux de Saint Gildas (Bugu\u00e9l\u00e8s) : 31 mai 2026<\/li>\n\n\n\n<li>Spectacle de parachutistes sur la plage de de Trestraou (Perros-Guirec) : en attente<\/li>\n<\/ul>\n<\/li>\n\n\n\n<li><strong>Juin<\/strong> :\n<ul class=\"wp-block-list\">\n<li>Rendez vous aux jardins (<a href=\"http:\/\/le-jardin-de-pellinec.fr\/\" target=\"_blank\" rel=\"noreferrer noopener\">Jardin de Pellinec \u00e0 Penv\u00e9nan<\/a>, <a href=\"http:\/\/www.lesjardinsdekerdalo.com\/\" target=\"_blank\" rel=\"noreferrer noopener\">Jardin de kerdalo \u00e0 Tr\u00e9darzec<\/a>, <a href=\"https:\/\/www.larochejagu.fr\/\" target=\"_blank\" rel=\"noreferrer noopener\">le Ch\u00e2teau de La Roche Jagu \u00e0 Plo\u00ebzal<\/a> ) : 6 et 7 juin 2026<\/li>\n<\/ul>\n<\/li>\n\n\n\n<li><strong>Juillet &#8211; Ao\u00fbt <\/strong>:\n<ul class=\"wp-block-list\">\n<li>Les feux d&rsquo;artifice de l&rsquo;\u00e9t\u00e9 :\n<ul class=\"wp-block-list\">\n<li>13 juillet \u00e0 Lannion, Perros-Guirec (plage de Trestraou), Port-Blanc, Tr\u00e9beurden (plage de Tresmeur) et Pontrieux.<\/li>\n\n\n\n<li>le 14 juillet \u00e0 Tr\u00e9vou-Tr\u00e9guignec (la plage de Trestel), Tr\u00e9guier et Tr\u00e9gastel (plage du Coz-Pors).<\/li>\n\n\n\n<li>Pardon de la Sainte Anne (Tr\u00e9l\u00e9vern) : le 25 juillet 2026<\/li>\n\n\n\n<li>Festival des Hortensias (Perros-Guirec) : du 31 juillet au 2 ao\u00fbt 2026<\/li>\n\n\n\n<li>Les 24 heures de la voile (Tr\u00e9gastel) : 8 et 9 ao\u00fbt 2026<\/li>\n\n\n\n<li>Festival des vieux gr\u00e9ements (Paimpol) : du 14 au 16 ao\u00fbt 2026<\/li>\n\n\n\n<li>F\u00eate des lavoirs (Pontrieux) : le 15 ao\u00fbt 2025<\/li>\n\n\n\n<li><a href=\"https:\/\/saintloup.bzh\/\" target=\"_blank\" rel=\"noreferrer noopener\">Festival de la Saint Loup<\/a> (Guingamp) : en attente<\/li>\n\n\n\n<li><strong>Festivit\u00e9s tout le long de l&rsquo;\u00e9t\u00e9 \u00e0 l&rsquo;<a href=\"https:\/\/abbayebeauport.com\/\" target=\"_blank\" rel=\"noreferrer noopener\">Abbaye de Beauport<\/a> (Paimpol) et au <a href=\"https:\/\/larochejagu.fr\/\" target=\"_blank\" rel=\"noreferrer noopener\">Ch\u00e2teau de la Roche Jagu<\/a> (Plo\u00ebzal)<\/strong><\/li>\n<\/ul>\n<\/li>\n<\/ul>\n<\/li>\n\n\n\n<li><strong>Septembre :<\/strong>\n<ul class=\"wp-block-list\">\n<li>Journ\u00e9es du patrimoine : du 19 au 20 septembre 2026<\/li>\n<\/ul>\n<\/li>\n\n\n\n<li><strong>Octobre <\/strong>:\n<ul class=\"wp-block-list\">\n<li>Festival M\u00f4m&rsquo;Art (C\u00f4te de Granit Rose) : vacances de la toussaint<\/li>\n<\/ul>\n<\/li>\n\n\n\n<li><strong>D\u00e9cembre<\/strong> :\n<ul class=\"wp-block-list\">\n<li>March\u00e9 de No\u00ebl (La Clart\u00e9 &#8211; Perros-Guirec) : du 5 au 7 d\u00e9cembre avec le feu d&rsquo;artifice \u00e0 20h le vendredi soir<\/li>\n\n\n\n<li>March\u00e9 de No\u00ebl (Perros-Guirec) : du 21 au 30 d\u00e9cembre avec feu d&rsquo;artifice \u00e0 19h30 le dimanche 21 au port<\/li>\n\n\n\n<li>March\u00e9 de No\u00ebl (Lannion) : du 13 au 24 d\u00e9cembre avec patinoire<\/li>\n\n\n\n<li>March\u00e9 de No\u00ebl (Paimpol) : du 28 novembre au 4 janvier avec patinoire et feu d&rsquo;artifice le 20 d\u00e9cembre <\/li>\n\n\n\n<li>March\u00e9 de No\u00ebl (Guingamp) : du 28 novembre au 4 janvier avec attractions et man\u00e8ge<\/li>\n\n\n\n<li>No\u00ebl \u00e0 Beauport (Paimpol) : vacances de No\u00ebl<\/li>\n\n\n\n<li>No\u00ebl \u00e0 la Cit\u00e9 des T\u00e9l\u00e9coms (Pleumeur-Bodou) : vacances de No\u00ebl<\/li>\n\n\n\n<li>No\u00ebl au Ch\u00e2teau La Ville Chevalier (Pl\u00e9lo) : du 14 novembre au 9 janvier<\/li>\n<\/ul>\n<\/li>\n<\/ul>\n\n\n\n<p class=\"has-text-align-left\">Cette page des animations est mise \u00e0 jour r\u00e9guli\u00e8rement, n&rsquo;h\u00e9sitez pas \u00e0 revenir la consulter !<\/p>\n","protected":false},"excerpt":{"rendered":"<p>Retrouvez ici le calendrier des principales animations du Tr\u00e9gor et du Go\u00eblo (Bretagne) de l&rsquo;ann\u00e9e. Les prochaines grandes mar\u00e9es (Perros-Guirec) Le calendrier des principales animations 2025 &#8211; 2026 Cette page des animations est mise \u00e0 jour r\u00e9guli\u00e8rement, n&rsquo;h\u00e9sitez pas \u00e0 revenir la consulter !<\/p>\n","protected":false},"author":1,"featured_media":0,"parent":0,"menu_order":0,"comment_status":"closed","ping_status":"closed","template":"","meta":{"footnotes":""},"class_list":["post-220","page","type-page","status-publish","hentry","post-preview"],"yoast_head":"<!-- This site is optimized with the Yoast SEO plugin v27.5 - https:\/\/yoast.com\/product\/yoast-seo-wordpress\/ -->\n<title>Calendrier - Terre \u00e0 Tribord ! Calendrier Tr\u00e9gor Go\u00eblo<\/title>\n<meta name=\"description\" content=\"Retrouvez dans cette page le calendrier des principales animations dans le Tr\u00e9gor et le Go\u00eblo ainsi que les prochaines grandes mar\u00e9es.\" \/>\n<meta name=\"robots\" content=\"index, follow, max-snippet:-1, max-image-preview:large, max-video-preview:-1\" \/>\n<link rel=\"canonical\" href=\"https:\/\/terreatribord.bzh\/blog\/calendrier\/\" \/>\n<meta property=\"og:locale\" content=\"fr_FR\" \/>\n<meta property=\"og:type\" content=\"article\" \/>\n<meta property=\"og:title\" content=\"Calendrier\" \/>\n<meta property=\"og:description\" content=\"Retrouvez dans cette page le calendrier des principales animations dans le Tr\u00e9gor et le Go\u00eblo ainsi que les prochaines grandes mar\u00e9es.\" \/>\n<meta property=\"og:url\" content=\"https:\/\/terreatribord.bzh\/blog\/calendrier\/\" \/>\n<meta property=\"og:site_name\" content=\"Terre \u00e0 Tribord !\" \/>\n<meta property=\"article:modified_time\" content=\"2026-04-07T09:02:29+00:00\" \/>\n<meta property=\"og:image\" content=\"https:\/\/terreatribord.bzh\/blog\/wp-content\/uploads\/2021\/07\/cropped-banner_situation.jpg\" \/>\n\t<meta property=\"og:image:width\" content=\"1280\" \/>\n\t<meta property=\"og:image:height\" content=\"416\" \/>\n\t<meta property=\"og:image:type\" content=\"image\/jpeg\" \/>\n<meta name=\"twitter:card\" content=\"summary_large_image\" \/>\n<meta name=\"twitter:label1\" content=\"Dur\u00e9e de lecture estim\u00e9e\" \/>\n\t<meta name=\"twitter:data1\" content=\"3 minutes\" \/>\n<script type=\"application\/ld+json\" class=\"yoast-schema-graph\">{\"@context\":\"https:\\\/\\\/schema.org\",\"@graph\":[{\"@type\":\"WebPage\",\"@id\":\"https:\\\/\\\/terreatribord.bzh\\\/blog\\\/calendrier\\\/\",\"url\":\"https:\\\/\\\/terreatribord.bzh\\\/blog\\\/calendrier\\\/\",\"name\":\"Calendrier - Terre \u00e0 Tribord ! Calendrier Tr\u00e9gor Go\u00eblo\",\"isPartOf\":{\"@id\":\"https:\\\/\\\/terreatribord.bzh\\\/blog\\\/#website\"},\"primaryImageOfPage\":{\"@id\":\"https:\\\/\\\/terreatribord.bzh\\\/blog\\\/calendrier\\\/#primaryimage\"},\"image\":{\"@id\":\"https:\\\/\\\/terreatribord.bzh\\\/blog\\\/calendrier\\\/#primaryimage\"},\"thumbnailUrl\":\"https:\\\/\\\/terreatribord.bzh\\\/blog\\\/wp-content\\\/uploads\\\/2021\\\/12\\\/vieux-greements-paimpol-1024x758.jpg\",\"datePublished\":\"2021-10-06T07:15:39+00:00\",\"dateModified\":\"2026-04-07T09:02:29+00:00\",\"description\":\"Retrouvez dans cette page le calendrier des principales animations dans le Tr\u00e9gor et le Go\u00eblo ainsi que les prochaines grandes mar\u00e9es.\",\"breadcrumb\":{\"@id\":\"https:\\\/\\\/terreatribord.bzh\\\/blog\\\/calendrier\\\/#breadcrumb\"},\"inLanguage\":\"fr-FR\",\"potentialAction\":[{\"@type\":\"ReadAction\",\"target\":[\"https:\\\/\\\/terreatribord.bzh\\\/blog\\\/calendrier\\\/\"]}]},{\"@type\":\"ImageObject\",\"inLanguage\":\"fr-FR\",\"@id\":\"https:\\\/\\\/terreatribord.bzh\\\/blog\\\/calendrier\\\/#primaryimage\",\"url\":\"https:\\\/\\\/terreatribord.bzh\\\/blog\\\/wp-content\\\/uploads\\\/2021\\\/12\\\/vieux-greements-paimpol.jpg\",\"contentUrl\":\"https:\\\/\\\/terreatribord.bzh\\\/blog\\\/wp-content\\\/uploads\\\/2021\\\/12\\\/vieux-greements-paimpol.jpg\",\"width\":1124,\"height\":832,\"caption\":\"f\u00eate des vieux gr\u00e9ements Paimpol Bretagne\"},{\"@type\":\"BreadcrumbList\",\"@id\":\"https:\\\/\\\/terreatribord.bzh\\\/blog\\\/calendrier\\\/#breadcrumb\",\"itemListElement\":[{\"@type\":\"ListItem\",\"position\":1,\"name\":\"Accueil\",\"item\":\"https:\\\/\\\/terreatribord.bzh\\\/blog\\\/\"},{\"@type\":\"ListItem\",\"position\":2,\"name\":\"Calendrier\"}]},{\"@type\":\"WebSite\",\"@id\":\"https:\\\/\\\/terreatribord.bzh\\\/blog\\\/#website\",\"url\":\"https:\\\/\\\/terreatribord.bzh\\\/blog\\\/\",\"name\":\"Terre \u00e0 Tribord !\",\"description\":\"Le blog qui met le cap sur la Bretagne.\",\"publisher\":{\"@id\":\"https:\\\/\\\/terreatribord.bzh\\\/blog\\\/#\\\/schema\\\/person\\\/799840395f3f8c1f423b7eac8cacc075\"},\"potentialAction\":[{\"@type\":\"SearchAction\",\"target\":{\"@type\":\"EntryPoint\",\"urlTemplate\":\"https:\\\/\\\/terreatribord.bzh\\\/blog\\\/?s={search_term_string}\"},\"query-input\":{\"@type\":\"PropertyValueSpecification\",\"valueRequired\":true,\"valueName\":\"search_term_string\"}}],\"inLanguage\":\"fr-FR\"},{\"@type\":[\"Person\",\"Organization\"],\"@id\":\"https:\\\/\\\/terreatribord.bzh\\\/blog\\\/#\\\/schema\\\/person\\\/799840395f3f8c1f423b7eac8cacc075\",\"name\":\"Charlotte\",\"image\":{\"@type\":\"ImageObject\",\"inLanguage\":\"fr-FR\",\"@id\":\"https:\\\/\\\/blog.terreatribord.bzh\\\/wp-content\\\/uploads\\\/2021\\\/08\\\/36825346_2456960194321511_447552153637093376_n.jpg\",\"url\":\"https:\\\/\\\/blog.terreatribord.bzh\\\/wp-content\\\/uploads\\\/2021\\\/08\\\/36825346_2456960194321511_447552153637093376_n.jpg\",\"contentUrl\":\"https:\\\/\\\/blog.terreatribord.bzh\\\/wp-content\\\/uploads\\\/2021\\\/08\\\/36825346_2456960194321511_447552153637093376_n.jpg\",\"width\":1462,\"height\":1462,\"caption\":\"Charlotte\"},\"logo\":{\"@id\":\"https:\\\/\\\/blog.terreatribord.bzh\\\/wp-content\\\/uploads\\\/2021\\\/08\\\/36825346_2456960194321511_447552153637093376_n.jpg\"},\"sameAs\":[\"https:\\\/\\\/blog.terreatribord.bzh\"]}]}<\/script>\n<!-- \/ Yoast SEO plugin. -->","yoast_head_json":{"title":"Calendrier - Terre \u00e0 Tribord ! Calendrier Tr\u00e9gor Go\u00eblo","description":"Retrouvez dans cette page le calendrier des principales animations dans le Tr\u00e9gor et le Go\u00eblo ainsi que les prochaines grandes mar\u00e9es.","robots":{"index":"index","follow":"follow","max-snippet":"max-snippet:-1","max-image-preview":"max-image-preview:large","max-video-preview":"max-video-preview:-1"},"canonical":"https:\/\/terreatribord.bzh\/blog\/calendrier\/","og_locale":"fr_FR","og_type":"article","og_title":"Calendrier","og_description":"Retrouvez dans cette page le calendrier des principales animations dans le Tr\u00e9gor et le Go\u00eblo ainsi que les prochaines grandes mar\u00e9es.","og_url":"https:\/\/terreatribord.bzh\/blog\/calendrier\/","og_site_name":"Terre \u00e0 Tribord !","article_modified_time":"2026-04-07T09:02:29+00:00","og_image":[{"width":1280,"height":416,"url":"https:\/\/terreatribord.bzh\/blog\/wp-content\/uploads\/2021\/07\/cropped-banner_situation.jpg","type":"image\/jpeg"}],"twitter_card":"summary_large_image","twitter_misc":{"Dur\u00e9e de lecture estim\u00e9e":"3 minutes"},"schema":{"@context":"https:\/\/schema.org","@graph":[{"@type":"WebPage","@id":"https:\/\/terreatribord.bzh\/blog\/calendrier\/","url":"https:\/\/terreatribord.bzh\/blog\/calendrier\/","name":"Calendrier - Terre \u00e0 Tribord ! Calendrier Tr\u00e9gor Go\u00eblo","isPartOf":{"@id":"https:\/\/terreatribord.bzh\/blog\/#website"},"primaryImageOfPage":{"@id":"https:\/\/terreatribord.bzh\/blog\/calendrier\/#primaryimage"},"image":{"@id":"https:\/\/terreatribord.bzh\/blog\/calendrier\/#primaryimage"},"thumbnailUrl":"https:\/\/terreatribord.bzh\/blog\/wp-content\/uploads\/2021\/12\/vieux-greements-paimpol-1024x758.jpg","datePublished":"2021-10-06T07:15:39+00:00","dateModified":"2026-04-07T09:02:29+00:00","description":"Retrouvez dans cette page le calendrier des principales animations dans le Tr\u00e9gor et le Go\u00eblo ainsi que les prochaines grandes mar\u00e9es.","breadcrumb":{"@id":"https:\/\/terreatribord.bzh\/blog\/calendrier\/#breadcrumb"},"inLanguage":"fr-FR","potentialAction":[{"@type":"ReadAction","target":["https:\/\/terreatribord.bzh\/blog\/calendrier\/"]}]},{"@type":"ImageObject","inLanguage":"fr-FR","@id":"https:\/\/terreatribord.bzh\/blog\/calendrier\/#primaryimage","url":"https:\/\/terreatribord.bzh\/blog\/wp-content\/uploads\/2021\/12\/vieux-greements-paimpol.jpg","contentUrl":"https:\/\/terreatribord.bzh\/blog\/wp-content\/uploads\/2021\/12\/vieux-greements-paimpol.jpg","width":1124,"height":832,"caption":"f\u00eate des vieux gr\u00e9ements Paimpol Bretagne"},{"@type":"BreadcrumbList","@id":"https:\/\/terreatribord.bzh\/blog\/calendrier\/#breadcrumb","itemListElement":[{"@type":"ListItem","position":1,"name":"Accueil","item":"https:\/\/terreatribord.bzh\/blog\/"},{"@type":"ListItem","position":2,"name":"Calendrier"}]},{"@type":"WebSite","@id":"https:\/\/terreatribord.bzh\/blog\/#website","url":"https:\/\/terreatribord.bzh\/blog\/","name":"Terre \u00e0 Tribord !","description":"Le blog qui met le cap sur la Bretagne.","publisher":{"@id":"https:\/\/terreatribord.bzh\/blog\/#\/schema\/person\/799840395f3f8c1f423b7eac8cacc075"},"potentialAction":[{"@type":"SearchAction","target":{"@type":"EntryPoint","urlTemplate":"https:\/\/terreatribord.bzh\/blog\/?s={search_term_string}"},"query-input":{"@type":"PropertyValueSpecification","valueRequired":true,"valueName":"search_term_string"}}],"inLanguage":"fr-FR"},{"@type":["Person","Organization"],"@id":"https:\/\/terreatribord.bzh\/blog\/#\/schema\/person\/799840395f3f8c1f423b7eac8cacc075","name":"Charlotte","image":{"@type":"ImageObject","inLanguage":"fr-FR","@id":"https:\/\/blog.terreatribord.bzh\/wp-content\/uploads\/2021\/08\/36825346_2456960194321511_447552153637093376_n.jpg","url":"https:\/\/blog.terreatribord.bzh\/wp-content\/uploads\/2021\/08\/36825346_2456960194321511_447552153637093376_n.jpg","contentUrl":"https:\/\/blog.terreatribord.bzh\/wp-content\/uploads\/2021\/08\/36825346_2456960194321511_447552153637093376_n.jpg","width":1462,"height":1462,"caption":"Charlotte"},"logo":{"@id":"https:\/\/blog.terreatribord.bzh\/wp-content\/uploads\/2021\/08\/36825346_2456960194321511_447552153637093376_n.jpg"},"sameAs":["https:\/\/blog.terreatribord.bzh"]}]}},"_links":{"self":[{"href":"https:\/\/terreatribord.bzh\/blog\/wp-json\/wp\/v2\/pages\/220","targetHints":{"allow":["GET"]}}],"collection":[{"href":"https:\/\/terreatribord.bzh\/blog\/wp-json\/wp\/v2\/pages"}],"about":[{"href":"https:\/\/terreatribord.bzh\/blog\/wp-json\/wp\/v2\/types\/page"}],"author":[{"embeddable":true,"href":"https:\/\/terreatribord.bzh\/blog\/wp-json\/wp\/v2\/users\/1"}],"replies":[{"embeddable":true,"href":"https:\/\/terreatribord.bzh\/blog\/wp-json\/wp\/v2\/comments?post=220"}],"version-history":[{"count":38,"href":"https:\/\/terreatribord.bzh\/blog\/wp-json\/wp\/v2\/pages\/220\/revisions"}],"predecessor-version":[{"id":973,"href":"https:\/\/terreatribord.bzh\/blog\/wp-json\/wp\/v2\/pages\/220\/revisions\/973"}],"wp:attachment":[{"href":"https:\/\/terreatribord.bzh\/blog\/wp-json\/wp\/v2\/media?parent=220"}],"curies":[{"name":"wp","href":"https:\/\/api.w.org\/{rel}","templated":true}]}}